{"id":28,"date":"2023-09-07T16:33:53","date_gmt":"2023-09-07T14:33:53","guid":{"rendered":"http:\/\/msryjwr.cluster021.hosting.ovh.net\/?page_id=28"},"modified":"2023-09-22T16:04:00","modified_gmt":"2023-09-22T14:04:00","slug":"soins-du-visage","status":"publish","type":"page","link":"https:\/\/www.avec-jeanne.fr\/index.php\/soins-du-visage\/","title":{"rendered":"Soins du Visage"},"content":{"rendered":"\t\t<div data-elementor-type=\"wp-page\" data-elementor-id=\"28\" class=\"elementor elementor-28\">\n\t\t\t\t\t\t\t\t\t<section class=\"elementor-section elementor-top-section elementor-element elementor-element-cf8354f elementor-section-boxed elementor-section-height-default elementor-section-height-default\" data-id=\"cf8354f\" data-element_type=\"section\">\n\t\t\t\t\t\t<div class=\"elementor-container elementor-column-gap-default\">\n\t\t\t\t\t<div class=\"elementor-column elementor-col-100 elementor-top-column elementor-element elementor-element-54f57ce\" data-id=\"54f57ce\" data-element_type=\"column\">\n\t\t\t<div class=\"elementor-widget-wrap elementor-element-populated\">\n\t\t\t\t\t\t\t\t<div class=\"elementor-element elementor-element-9c914fd elementor-widget elementor-widget-heading\" data-id=\"9c914fd\" data-element_type=\"widget\" data-widget_type=\"heading.default\">\n\t\t\t\t<div class=\"elementor-widget-container\">\n\t\t\t<style>\/*! elementor - v3.15.0 - 20-08-2023 *\/\n.elementor-heading-title{padding:0;margin:0;line-height:1}.elementor-widget-heading .elementor-heading-title[class*=elementor-size-]>a{color:inherit;font-size:inherit;line-height:inherit}.elementor-widget-heading .elementor-heading-title.elementor-size-small{font-size:15px}.elementor-widget-heading .elementor-heading-title.elementor-size-medium{font-size:19px}.elementor-widget-heading .elementor-heading-title.elementor-size-large{font-size:29px}.elementor-widget-heading .elementor-heading-title.elementor-size-xl{font-size:39px}.elementor-widget-heading .elementor-heading-title.elementor-size-xxl{font-size:59px}<\/style><h2 class=\"elementor-heading-title elementor-size-default\">Les soins du visage<\/h2>\t\t<\/div>\n\t\t\t\t<\/div>\n\t\t\t\t\t<\/div>\n\t\t<\/div>\n\t\t\t\t\t\t\t<\/div>\n\t\t<\/section>\n\t\t\t\t<section class=\"elementor-section elementor-top-section elementor-element elementor-element-aba0dd6 elementor-section-boxed elementor-section-height-default elementor-section-height-default\" data-id=\"aba0dd6\" data-element_type=\"section\">\n\t\t\t\t\t\t<div class=\"elementor-container elementor-column-gap-default\">\n\t\t\t\t\t<div class=\"elementor-column elementor-col-100 elementor-top-column elementor-element elementor-element-b7b268d\" data-id=\"b7b268d\" data-element_type=\"column\">\n\t\t\t<div class=\"elementor-widget-wrap elementor-element-populated\">\n\t\t\t\t\t\t\t\t<div class=\"elementor-element elementor-element-5197d4e elementor-widget elementor-widget-text-editor\" data-id=\"5197d4e\" data-element_type=\"widget\" data-widget_type=\"text-editor.default\">\n\t\t\t\t<div class=\"elementor-widget-container\">\n\t\t\t<style>\/*! elementor - v3.15.0 - 20-08-2023 *\/\n.elementor-widget-text-editor.elementor-drop-cap-view-stacked .elementor-drop-cap{background-color:#69727d;color:#fff}.elementor-widget-text-editor.elementor-drop-cap-view-framed .elementor-drop-cap{color:#69727d;border:3px solid;background-color:transparent}.elementor-widget-text-editor:not(.elementor-drop-cap-view-default) .elementor-drop-cap{margin-top:8px}.elementor-widget-text-editor:not(.elementor-drop-cap-view-default) .elementor-drop-cap-letter{width:1em;height:1em}.elementor-widget-text-editor .elementor-drop-cap{float:left;text-align:center;line-height:1;font-size:50px}.elementor-widget-text-editor .elementor-drop-cap-letter{display:inline-block}<\/style>\t\t\t\t<p class=\"font_8\">Des soins sur mesure, une marque Bio, des actifs naturels et efficaces, fabriqu\u00e9e en France.<\/p><p class=\"font_8\">Je vous propose des parenth\u00e8ses beaut\u00e9 :\u00a0<\/p><p class=\"font_8\">&#8211; Parenth\u00e8se douceur 30&prime;<\/p><p class=\"font_8\">&#8211; Parenth\u00e8se plaisir 60&prime;<\/p><p class=\"font_8\">&#8211; Parenth\u00e8se bien-\u00eatre 90&prime;\u00a0<\/p>\t\t\t\t\t\t<\/div>\n\t\t\t\t<\/div>\n\t\t\t\t\t<\/div>\n\t\t<\/div>\n\t\t\t\t\t\t\t<\/div>\n\t\t<\/section>\n\t\t\t\t<section class=\"elementor-section elementor-top-section elementor-element elementor-element-d4f7d22 elementor-section-boxed elementor-section-height-default elementor-section-height-default\" data-id=\"d4f7d22\" data-element_type=\"section\">\n\t\t\t\t\t\t<div class=\"elementor-container elementor-column-gap-default\">\n\t\t\t\t\t<div class=\"elementor-column elementor-col-100 elementor-top-column elementor-element elementor-element-ac59195\" data-id=\"ac59195\" data-element_type=\"column\">\n\t\t\t<div class=\"elementor-widget-wrap elementor-element-populated\">\n\t\t\t\t\t\t\t\t<div class=\"elementor-element elementor-element-cd1f454 elementor-widget elementor-widget-spacer\" data-id=\"cd1f454\" data-element_type=\"widget\" data-widget_type=\"spacer.default\">\n\t\t\t\t<div class=\"elementor-widget-container\">\n\t\t\t<style>\/*! elementor - v3.15.0 - 20-08-2023 *\/\n.elementor-column .elementor-spacer-inner{height:var(--spacer-size)}.e-con{--container-widget-width:100%}.e-con-inner>.elementor-widget-spacer,.e-con>.elementor-widget-spacer{width:var(--container-widget-width,var(--spacer-size));--align-self:var(--container-widget-align-self,initial);--flex-shrink:0}.e-con-inner>.elementor-widget-spacer>.elementor-widget-container,.e-con-inner>.elementor-widget-spacer>.elementor-widget-container>.elementor-spacer,.e-con>.elementor-widget-spacer>.elementor-widget-container,.e-con>.elementor-widget-spacer>.elementor-widget-container>.elementor-spacer{height:100%}.e-con-inner>.elementor-widget-spacer>.elementor-widget-container>.elementor-spacer>.elementor-spacer-inner,.e-con>.elementor-widget-spacer>.elementor-widget-container>.elementor-spacer>.elementor-spacer-inner{height:var(--container-widget-height,var(--spacer-size))}<\/style>\t\t<div class=\"elementor-spacer\">\n\t\t\t<div class=\"elementor-spacer-inner\"><\/div>\n\t\t<\/div>\n\t\t\t\t<\/div>\n\t\t\t\t<\/div>\n\t\t\t\t\t<\/div>\n\t\t<\/div>\n\t\t\t\t\t\t\t<\/div>\n\t\t<\/section>\n\t\t\t\t<section class=\"elementor-section elementor-top-section elementor-element elementor-element-16a9040 elementor-section-boxed elementor-section-height-default elementor-section-height-default\" data-id=\"16a9040\" data-element_type=\"section\">\n\t\t\t\t\t\t<div class=\"elementor-container elementor-column-gap-default\">\n\t\t\t\t\t<div class=\"elementor-column elementor-col-50 elementor-top-column elementor-element elementor-element-8e31699\" data-id=\"8e31699\" data-element_type=\"column\">\n\t\t\t<div class=\"elementor-widget-wrap elementor-element-populated\">\n\t\t\t\t\t\t\t\t<div class=\"elementor-element elementor-element-714754b elementor-widget elementor-widget-image\" data-id=\"714754b\" data-element_type=\"widget\" data-widget_type=\"image.default\">\n\t\t\t\t<div class=\"elementor-widget-container\">\n\t\t\t<style>\/*! elementor - v3.15.0 - 20-08-2023 *\/\n.elementor-widget-image{text-align:center}.elementor-widget-image a{display:inline-block}.elementor-widget-image a img[src$=\".svg\"]{width:48px}.elementor-widget-image img{vertical-align:middle;display:inline-block}<\/style>\t\t\t\t\t\t\t\t\t\t\t\t<img loading=\"lazy\" decoding=\"async\" width=\"450\" height=\"300\" src=\"https:\/\/www.avec-jeanne.fr\/wp-content\/uploads\/2023\/09\/visage.jpg\" class=\"attachment-full size-full wp-image-119\" alt=\"\" srcset=\"https:\/\/www.avec-jeanne.fr\/wp-content\/uploads\/2023\/09\/visage.jpg 450w, https:\/\/www.avec-jeanne.fr\/wp-content\/uploads\/2023\/09\/visage-300x200.jpg 300w\" sizes=\"auto, (max-width: 450px) 100vw, 450px\" \/>\t\t\t\t\t\t\t\t\t\t\t\t\t\t\t<\/div>\n\t\t\t\t<\/div>\n\t\t\t\t\t<\/div>\n\t\t<\/div>\n\t\t\t\t<div class=\"elementor-column elementor-col-50 elementor-top-column elementor-element elementor-element-2516f64\" data-id=\"2516f64\" data-element_type=\"column\">\n\t\t\t<div class=\"elementor-widget-wrap elementor-element-populated\">\n\t\t\t\t\t\t\t\t<div class=\"elementor-element elementor-element-0e0beb7 elementor-widget elementor-widget-heading\" data-id=\"0e0beb7\" data-element_type=\"widget\" data-widget_type=\"heading.default\">\n\t\t\t\t<div class=\"elementor-widget-container\">\n\t\t\t<h2 class=\"elementor-heading-title elementor-size-default\">La parenth\u00e8se douceur<\/h2>\t\t<\/div>\n\t\t\t\t<\/div>\n\t\t\t\t<div class=\"elementor-element elementor-element-329f9db elementor-widget elementor-widget-text-editor\" data-id=\"329f9db\" data-element_type=\"widget\" data-widget_type=\"text-editor.default\">\n\t\t\t\t<div class=\"elementor-widget-container\">\n\t\t\t\t\t\t\t<p class=\"font_8\">Deux versions en fonction de votre envie :<\/p>\n<p class=\"font_8\"><u><i>Un soin sur mesure coup d&rsquo;\u00e9clat de 30&prime; comprenant :&nbsp;<\/i><\/u><\/p>\n<p class=\"font_8\">un d\u00e9maquillage, une exfoliation, un masque, une cr\u00e8me de jour.<\/p>\n<p class=\"font_8\"><u><i>Un soin sur mesure relaxant de 30&prime; comprenant :<\/i><\/u><\/p>\n<p class=\"font_8\">un d\u00e9maquillage, un massage du visage, cou, d\u00e9collet\u00e9, une cr\u00e8me de jour.<\/p>\t\t\t\t\t\t<\/div>\n\t\t\t\t<\/div>\n\t\t\t\t<div class=\"elementor-element elementor-element-aeb4d66 elementor-widget__width-initial elementor-widget elementor-widget-heading\" data-id=\"aeb4d66\" data-element_type=\"widget\" data-widget_type=\"heading.default\">\n\t\t\t\t<div class=\"elementor-widget-container\">\n\t\t\t<h2 class=\"elementor-heading-title elementor-size-default\">Tarif : 35 \u20ac<\/h2>\t\t<\/div>\n\t\t\t\t<\/div>\n\t\t\t\t\t<\/div>\n\t\t<\/div>\n\t\t\t\t\t\t\t<\/div>\n\t\t<\/section>\n\t\t\t\t<section class=\"elementor-section elementor-top-section elementor-element elementor-element-74bdaa8 elementor-section-boxed elementor-section-height-default elementor-section-height-default\" data-id=\"74bdaa8\" data-element_type=\"section\">\n\t\t\t\t\t\t<div class=\"elementor-container elementor-column-gap-default\">\n\t\t\t\t\t<div class=\"elementor-column elementor-col-100 elementor-top-column elementor-element elementor-element-3f2cd17\" data-id=\"3f2cd17\" data-element_type=\"column\">\n\t\t\t<div class=\"elementor-widget-wrap elementor-element-populated\">\n\t\t\t\t\t\t\t\t<div class=\"elementor-element elementor-element-d7e9fdb elementor-widget elementor-widget-spacer\" data-id=\"d7e9fdb\" data-element_type=\"widget\" data-widget_type=\"spacer.default\">\n\t\t\t\t<div class=\"elementor-widget-container\">\n\t\t\t\t\t<div class=\"elementor-spacer\">\n\t\t\t<div class=\"elementor-spacer-inner\"><\/div>\n\t\t<\/div>\n\t\t\t\t<\/div>\n\t\t\t\t<\/div>\n\t\t\t\t\t<\/div>\n\t\t<\/div>\n\t\t\t\t\t\t\t<\/div>\n\t\t<\/section>\n\t\t\t\t<section class=\"elementor-section elementor-top-section elementor-element elementor-element-e474c36 elementor-reverse-mobile elementor-section-boxed elementor-section-height-default elementor-section-height-default\" data-id=\"e474c36\" data-element_type=\"section\">\n\t\t\t\t\t\t<div class=\"elementor-container elementor-column-gap-default\">\n\t\t\t\t\t<div class=\"elementor-column elementor-col-50 elementor-top-column elementor-element elementor-element-6e2d5ff\" data-id=\"6e2d5ff\" data-element_type=\"column\">\n\t\t\t<div class=\"elementor-widget-wrap elementor-element-populated\">\n\t\t\t\t\t\t\t\t<div class=\"elementor-element elementor-element-510c243 elementor-widget elementor-widget-heading\" data-id=\"510c243\" data-element_type=\"widget\" data-widget_type=\"heading.default\">\n\t\t\t\t<div class=\"elementor-widget-container\">\n\t\t\t<h2 class=\"elementor-heading-title elementor-size-default\">La parenth\u00e8se plaisir<\/h2>\t\t<\/div>\n\t\t\t\t<\/div>\n\t\t\t\t<div class=\"elementor-element elementor-element-392fff9 elementor-widget elementor-widget-text-editor\" data-id=\"392fff9\" data-element_type=\"widget\" data-widget_type=\"text-editor.default\">\n\t\t\t\t<div class=\"elementor-widget-container\">\n\t\t\t\t\t\t\t<p class=\"font_8\"><u><i>Un soin sur mesure de 60&prime; comprenant :<\/i><\/u><\/p>\n<p class=\"font_8\">un d\u00e9maquillage, une exfoliation, un s\u00e9rum, un massage du visage, cou, d\u00e9collet\u00e9, un masque, une cr\u00e8me de jour.<\/p>\t\t\t\t\t\t<\/div>\n\t\t\t\t<\/div>\n\t\t\t\t<div class=\"elementor-element elementor-element-362501d elementor-widget elementor-widget-spacer\" data-id=\"362501d\" data-element_type=\"widget\" data-widget_type=\"spacer.default\">\n\t\t\t\t<div class=\"elementor-widget-container\">\n\t\t\t\t\t<div class=\"elementor-spacer\">\n\t\t\t<div class=\"elementor-spacer-inner\"><\/div>\n\t\t<\/div>\n\t\t\t\t<\/div>\n\t\t\t\t<\/div>\n\t\t\t\t<div class=\"elementor-element elementor-element-903a249 elementor-widget__width-auto elementor-widget elementor-widget-heading\" data-id=\"903a249\" data-element_type=\"widget\" data-widget_type=\"heading.default\">\n\t\t\t\t<div class=\"elementor-widget-container\">\n\t\t\t<h2 class=\"elementor-heading-title elementor-size-default\">Tarif : 60 \u20ac<\/h2>\t\t<\/div>\n\t\t\t\t<\/div>\n\t\t\t\t\t<\/div>\n\t\t<\/div>\n\t\t\t\t<div class=\"elementor-column elementor-col-50 elementor-top-column elementor-element elementor-element-595c736\" data-id=\"595c736\" data-element_type=\"column\">\n\t\t\t<div class=\"elementor-widget-wrap elementor-element-populated\">\n\t\t\t\t\t\t\t\t<div class=\"elementor-element elementor-element-cd85b40 elementor-widget elementor-widget-image\" data-id=\"cd85b40\" data-element_type=\"widget\" data-widget_type=\"image.default\">\n\t\t\t\t<div class=\"elementor-widget-container\">\n\t\t\t\t\t\t\t\t\t\t\t\t\t\t\t<img loading=\"lazy\" decoding=\"async\" width=\"1024\" height=\"684\" src=\"https:\/\/www.avec-jeanne.fr\/wp-content\/uploads\/2023\/09\/masque-visage-1024x684.webp\" class=\"attachment-large size-large wp-image-120\" alt=\"\" srcset=\"https:\/\/www.avec-jeanne.fr\/wp-content\/uploads\/2023\/09\/masque-visage-1024x684.webp 1024w, https:\/\/www.avec-jeanne.fr\/wp-content\/uploads\/2023\/09\/masque-visage-300x200.webp 300w, https:\/\/www.avec-jeanne.fr\/wp-content\/uploads\/2023\/09\/masque-visage-768x513.webp 768w, https:\/\/www.avec-jeanne.fr\/wp-content\/uploads\/2023\/09\/masque-visage-1536x1025.webp 1536w, https:\/\/www.avec-jeanne.fr\/wp-content\/uploads\/2023\/09\/masque-visage.webp 2000w\" sizes=\"auto, (max-width: 1024px) 100vw, 1024px\" \/>\t\t\t\t\t\t\t\t\t\t\t\t\t\t\t<\/div>\n\t\t\t\t<\/div>\n\t\t\t\t\t<\/div>\n\t\t<\/div>\n\t\t\t\t\t\t\t<\/div>\n\t\t<\/section>\n\t\t\t\t<section class=\"elementor-section elementor-top-section elementor-element elementor-element-00d901c elementor-section-boxed elementor-section-height-default elementor-section-height-default\" data-id=\"00d901c\" data-element_type=\"section\">\n\t\t\t\t\t\t<div class=\"elementor-container elementor-column-gap-default\">\n\t\t\t\t\t<div class=\"elementor-column elementor-col-100 elementor-top-column elementor-element elementor-element-1f83b64\" data-id=\"1f83b64\" data-element_type=\"column\">\n\t\t\t<div class=\"elementor-widget-wrap elementor-element-populated\">\n\t\t\t\t\t\t\t\t<div class=\"elementor-element elementor-element-0ef3b07 elementor-widget elementor-widget-spacer\" data-id=\"0ef3b07\" data-element_type=\"widget\" data-widget_type=\"spacer.default\">\n\t\t\t\t<div class=\"elementor-widget-container\">\n\t\t\t\t\t<div class=\"elementor-spacer\">\n\t\t\t<div class=\"elementor-spacer-inner\"><\/div>\n\t\t<\/div>\n\t\t\t\t<\/div>\n\t\t\t\t<\/div>\n\t\t\t\t\t<\/div>\n\t\t<\/div>\n\t\t\t\t\t\t\t<\/div>\n\t\t<\/section>\n\t\t\t\t<section class=\"elementor-section elementor-top-section elementor-element elementor-element-894a45a elementor-section-boxed elementor-section-height-default elementor-section-height-default\" data-id=\"894a45a\" data-element_type=\"section\">\n\t\t\t\t\t\t<div class=\"elementor-container elementor-column-gap-default\">\n\t\t\t\t\t<div class=\"elementor-column elementor-col-50 elementor-top-column elementor-element elementor-element-ff41bc4\" data-id=\"ff41bc4\" data-element_type=\"column\">\n\t\t\t<div class=\"elementor-widget-wrap elementor-element-populated\">\n\t\t\t\t\t\t\t\t<div class=\"elementor-element elementor-element-b2a6f4d elementor-widget elementor-widget-image\" data-id=\"b2a6f4d\" data-element_type=\"widget\" data-widget_type=\"image.default\">\n\t\t\t\t<div class=\"elementor-widget-container\">\n\t\t\t\t\t\t\t\t\t\t\t\t\t\t\t<img loading=\"lazy\" decoding=\"async\" width=\"640\" height=\"403\" src=\"https:\/\/www.avec-jeanne.fr\/wp-content\/uploads\/2023\/09\/ease-3106608_640.jpg\" class=\"attachment-medium_large size-medium_large wp-image-149\" alt=\"\" srcset=\"https:\/\/www.avec-jeanne.fr\/wp-content\/uploads\/2023\/09\/ease-3106608_640.jpg 640w, https:\/\/www.avec-jeanne.fr\/wp-content\/uploads\/2023\/09\/ease-3106608_640-300x189.jpg 300w\" sizes=\"auto, (max-width: 640px) 100vw, 640px\" \/>\t\t\t\t\t\t\t\t\t\t\t\t\t\t\t<\/div>\n\t\t\t\t<\/div>\n\t\t\t\t\t<\/div>\n\t\t<\/div>\n\t\t\t\t<div class=\"elementor-column elementor-col-50 elementor-top-column elementor-element elementor-element-57f1673\" data-id=\"57f1673\" data-element_type=\"column\">\n\t\t\t<div class=\"elementor-widget-wrap elementor-element-populated\">\n\t\t\t\t\t\t\t\t<div class=\"elementor-element elementor-element-e65e9c6 elementor-widget elementor-widget-heading\" data-id=\"e65e9c6\" data-element_type=\"widget\" data-widget_type=\"heading.default\">\n\t\t\t\t<div class=\"elementor-widget-container\">\n\t\t\t<h2 class=\"elementor-heading-title elementor-size-default\">La parenth\u00e8se bien-\u00eatre<\/h2>\t\t<\/div>\n\t\t\t\t<\/div>\n\t\t\t\t<div class=\"elementor-element elementor-element-639ea14 elementor-widget elementor-widget-text-editor\" data-id=\"639ea14\" data-element_type=\"widget\" data-widget_type=\"text-editor.default\">\n\t\t\t\t<div class=\"elementor-widget-container\">\n\t\t\t\t\t\t\t<p class=\"font_8\"><em><span style=\"text-decoration: underline;\">Un soin sur mesure de 90&prime; comprenant :<\/span><\/em><\/p><p class=\"font_8\">un d\u00e9maquillage, une exfoliation, un s\u00e9rum, un massage du visage, cou, d\u00e9collet\u00e9, un masque, une cr\u00e8me de jour.<\/p>\t\t\t\t\t\t<\/div>\n\t\t\t\t<\/div>\n\t\t\t\t<div class=\"elementor-element elementor-element-d950ffd elementor-widget elementor-widget-spacer\" data-id=\"d950ffd\" data-element_type=\"widget\" data-widget_type=\"spacer.default\">\n\t\t\t\t<div class=\"elementor-widget-container\">\n\t\t\t\t\t<div class=\"elementor-spacer\">\n\t\t\t<div class=\"elementor-spacer-inner\"><\/div>\n\t\t<\/div>\n\t\t\t\t<\/div>\n\t\t\t\t<\/div>\n\t\t\t\t<div class=\"elementor-element elementor-element-307f29f elementor-widget__width-auto elementor-widget elementor-widget-heading\" data-id=\"307f29f\" data-element_type=\"widget\" data-widget_type=\"heading.default\">\n\t\t\t\t<div class=\"elementor-widget-container\">\n\t\t\t<h2 class=\"elementor-heading-title elementor-size-default\">Tarif : 85 \u20ac<\/h2>\t\t<\/div>\n\t\t\t\t<\/div>\n\t\t\t\t\t<\/div>\n\t\t<\/div>\n\t\t\t\t\t\t\t<\/div>\n\t\t<\/section>\n\t\t\t\t\t\t\t<\/div>\n\t\t","protected":false},"excerpt":{"rendered":"<p>Les soins du visage Des soins sur mesure, une marque Bio, des actifs naturels et efficaces, fabriqu\u00e9e en France. Je vous propose des parenth\u00e8ses beaut\u00e9 :\u00a0 &#8211; Parenth\u00e8se douceur 30&prime; &#8211; Parenth\u00e8se plaisir 60&prime; &#8211; Parenth\u00e8se bien-\u00eatre 90&prime;\u00a0 La parenth\u00e8se douceur Deux versions en fonction de votre envie : Un soin sur mesure coup d&rsquo;\u00e9clat [&hellip;]<\/p>\n","protected":false},"author":1,"featured_media":0,"parent":0,"menu_order":0,"comment_status":"closed","ping_status":"closed","template":"","meta":{"footnotes":""},"class_list":["post-28","page","type-page","status-publish","hentry","entry"],"yoast_head":"<!-- This site is optimized with the Yoast SEO plugin v21.1 - https:\/\/yoast.com\/wordpress\/plugins\/seo\/ -->\n<title>Soin du Visage Bio - Avec Jeanne<\/title>\n<meta name=\"description\" content=\"Envie de prendre soin de votre peau ? Profitez d&#039;un soin du visage sur mesure, avec des produits Bio et fran\u00e7ais.\" \/>\n<meta name=\"robots\" content=\"index, follow, max-snippet:-1, max-image-preview:large, max-video-preview:-1\" \/>\n<link rel=\"canonical\" href=\"https:\/\/www.avec-jeanne.fr\/index.php\/soins-du-visage\/\" \/>\n<meta property=\"og:locale\" content=\"fr_FR\" \/>\n<meta property=\"og:type\" content=\"article\" \/>\n<meta property=\"og:title\" content=\"Soin du Visage Bio - Avec Jeanne\" \/>\n<meta property=\"og:description\" content=\"Envie de prendre soin de votre peau ? Profitez d&#039;un soin du visage sur mesure, avec des produits Bio et fran\u00e7ais.\" \/>\n<meta property=\"og:url\" content=\"https:\/\/www.avec-jeanne.fr\/index.php\/soins-du-visage\/\" \/>\n<meta property=\"og:site_name\" content=\"Avec Jeanne\" \/>\n<meta property=\"article:modified_time\" content=\"2023-09-22T14:04:00+00:00\" \/>\n<meta property=\"og:image\" content=\"https:\/\/msryjwr.cluster021.hosting.ovh.net\/wp-content\/uploads\/2023\/09\/visage.jpg\" \/>\n<meta name=\"twitter:card\" content=\"summary_large_image\" \/>\n<meta name=\"twitter:label1\" content=\"Dur\u00e9e de lecture estim\u00e9e\" \/>\n\t<meta name=\"twitter:data1\" content=\"2 minutes\" \/>\n<script type=\"application\/ld+json\" class=\"yoast-schema-graph\">{\"@context\":\"https:\/\/schema.org\",\"@graph\":[{\"@type\":\"WebPage\",\"@id\":\"https:\/\/www.avec-jeanne.fr\/index.php\/soins-du-visage\/\",\"url\":\"https:\/\/www.avec-jeanne.fr\/index.php\/soins-du-visage\/\",\"name\":\"Soin du Visage Bio - Avec Jeanne\",\"isPartOf\":{\"@id\":\"https:\/\/www.avec-jeanne.fr\/#website\"},\"datePublished\":\"2023-09-07T14:33:53+00:00\",\"dateModified\":\"2023-09-22T14:04:00+00:00\",\"description\":\"Envie de prendre soin de votre peau ? Profitez d'un soin du visage sur mesure, avec des produits Bio et fran\u00e7ais.\",\"breadcrumb\":{\"@id\":\"https:\/\/www.avec-jeanne.fr\/index.php\/soins-du-visage\/#breadcrumb\"},\"inLanguage\":\"fr-FR\",\"potentialAction\":[{\"@type\":\"ReadAction\",\"target\":[\"https:\/\/www.avec-jeanne.fr\/index.php\/soins-du-visage\/\"]}]},{\"@type\":\"BreadcrumbList\",\"@id\":\"https:\/\/www.avec-jeanne.fr\/index.php\/soins-du-visage\/#breadcrumb\",\"itemListElement\":[{\"@type\":\"ListItem\",\"position\":1,\"name\":\"Accueil\",\"item\":\"https:\/\/www.avec-jeanne.fr\/\"},{\"@type\":\"ListItem\",\"position\":2,\"name\":\"Soins du Visage\"}]},{\"@type\":\"WebSite\",\"@id\":\"https:\/\/www.avec-jeanne.fr\/#website\",\"url\":\"https:\/\/www.avec-jeanne.fr\/\",\"name\":\"Avec Jeanne\",\"description\":\"Votre esth\u00e9ticienne \u00e0 domicile\",\"publisher\":{\"@id\":\"https:\/\/www.avec-jeanne.fr\/#organization\"},\"potentialAction\":[{\"@type\":\"SearchAction\",\"target\":{\"@type\":\"EntryPoint\",\"urlTemplate\":\"https:\/\/www.avec-jeanne.fr\/?s={search_term_string}\"},\"query-input\":\"required name=search_term_string\"}],\"inLanguage\":\"fr-FR\"},{\"@type\":\"Organization\",\"@id\":\"https:\/\/www.avec-jeanne.fr\/#organization\",\"name\":\"Avec Jeanne\",\"url\":\"https:\/\/www.avec-jeanne.fr\/\",\"logo\":{\"@type\":\"ImageObject\",\"inLanguage\":\"fr-FR\",\"@id\":\"https:\/\/www.avec-jeanne.fr\/#\/schema\/logo\/image\/\",\"url\":\"https:\/\/www.avec-jeanne.fr\/wp-content\/uploads\/2023\/09\/cropped-logo-avec-jeanne-3.png\",\"contentUrl\":\"https:\/\/www.avec-jeanne.fr\/wp-content\/uploads\/2023\/09\/cropped-logo-avec-jeanne-3.png\",\"width\":982,\"height\":981,\"caption\":\"Avec Jeanne\"},\"image\":{\"@id\":\"https:\/\/www.avec-jeanne.fr\/#\/schema\/logo\/image\/\"}}]}<\/script>\n<!-- \/ Yoast SEO plugin. -->","yoast_head_json":{"title":"Soin du Visage Bio - Avec Jeanne","description":"Envie de prendre soin de votre peau ? Profitez d'un soin du visage sur mesure, avec des produits Bio et fran\u00e7ais.","robots":{"index":"index","follow":"follow","max-snippet":"max-snippet:-1","max-image-preview":"max-image-preview:large","max-video-preview":"max-video-preview:-1"},"canonical":"https:\/\/www.avec-jeanne.fr\/index.php\/soins-du-visage\/","og_locale":"fr_FR","og_type":"article","og_title":"Soin du Visage Bio - Avec Jeanne","og_description":"Envie de prendre soin de votre peau ? Profitez d'un soin du visage sur mesure, avec des produits Bio et fran\u00e7ais.","og_url":"https:\/\/www.avec-jeanne.fr\/index.php\/soins-du-visage\/","og_site_name":"Avec Jeanne","article_modified_time":"2023-09-22T14:04:00+00:00","og_image":[{"url":"https:\/\/msryjwr.cluster021.hosting.ovh.net\/wp-content\/uploads\/2023\/09\/visage.jpg"}],"twitter_card":"summary_large_image","twitter_misc":{"Dur\u00e9e de lecture estim\u00e9e":"2 minutes"},"schema":{"@context":"https:\/\/schema.org","@graph":[{"@type":"WebPage","@id":"https:\/\/www.avec-jeanne.fr\/index.php\/soins-du-visage\/","url":"https:\/\/www.avec-jeanne.fr\/index.php\/soins-du-visage\/","name":"Soin du Visage Bio - Avec Jeanne","isPartOf":{"@id":"https:\/\/www.avec-jeanne.fr\/#website"},"datePublished":"2023-09-07T14:33:53+00:00","dateModified":"2023-09-22T14:04:00+00:00","description":"Envie de prendre soin de votre peau ? Profitez d'un soin du visage sur mesure, avec des produits Bio et fran\u00e7ais.","breadcrumb":{"@id":"https:\/\/www.avec-jeanne.fr\/index.php\/soins-du-visage\/#breadcrumb"},"inLanguage":"fr-FR","potentialAction":[{"@type":"ReadAction","target":["https:\/\/www.avec-jeanne.fr\/index.php\/soins-du-visage\/"]}]},{"@type":"BreadcrumbList","@id":"https:\/\/www.avec-jeanne.fr\/index.php\/soins-du-visage\/#breadcrumb","itemListElement":[{"@type":"ListItem","position":1,"name":"Accueil","item":"https:\/\/www.avec-jeanne.fr\/"},{"@type":"ListItem","position":2,"name":"Soins du Visage"}]},{"@type":"WebSite","@id":"https:\/\/www.avec-jeanne.fr\/#website","url":"https:\/\/www.avec-jeanne.fr\/","name":"Avec Jeanne","description":"Votre esth\u00e9ticienne \u00e0 domicile","publisher":{"@id":"https:\/\/www.avec-jeanne.fr\/#organization"},"potentialAction":[{"@type":"SearchAction","target":{"@type":"EntryPoint","urlTemplate":"https:\/\/www.avec-jeanne.fr\/?s={search_term_string}"},"query-input":"required name=search_term_string"}],"inLanguage":"fr-FR"},{"@type":"Organization","@id":"https:\/\/www.avec-jeanne.fr\/#organization","name":"Avec Jeanne","url":"https:\/\/www.avec-jeanne.fr\/","logo":{"@type":"ImageObject","inLanguage":"fr-FR","@id":"https:\/\/www.avec-jeanne.fr\/#\/schema\/logo\/image\/","url":"https:\/\/www.avec-jeanne.fr\/wp-content\/uploads\/2023\/09\/cropped-logo-avec-jeanne-3.png","contentUrl":"https:\/\/www.avec-jeanne.fr\/wp-content\/uploads\/2023\/09\/cropped-logo-avec-jeanne-3.png","width":982,"height":981,"caption":"Avec Jeanne"},"image":{"@id":"https:\/\/www.avec-jeanne.fr\/#\/schema\/logo\/image\/"}}]}},"jetpack_sharing_enabled":true,"_links":{"self":[{"href":"https:\/\/www.avec-jeanne.fr\/index.php\/wp-json\/wp\/v2\/pages\/28","targetHints":{"allow":["GET"]}}],"collection":[{"href":"https:\/\/www.avec-jeanne.fr\/index.php\/wp-json\/wp\/v2\/pages"}],"about":[{"href":"https:\/\/www.avec-jeanne.fr\/index.php\/wp-json\/wp\/v2\/types\/page"}],"author":[{"embeddable":true,"href":"https:\/\/www.avec-jeanne.fr\/index.php\/wp-json\/wp\/v2\/users\/1"}],"replies":[{"embeddable":true,"href":"https:\/\/www.avec-jeanne.fr\/index.php\/wp-json\/wp\/v2\/comments?post=28"}],"version-history":[{"count":22,"href":"https:\/\/www.avec-jeanne.fr\/index.php\/wp-json\/wp\/v2\/pages\/28\/revisions"}],"predecessor-version":[{"id":298,"href":"https:\/\/www.avec-jeanne.fr\/index.php\/wp-json\/wp\/v2\/pages\/28\/revisions\/298"}],"wp:attachment":[{"href":"https:\/\/www.avec-jeanne.fr\/index.php\/wp-json\/wp\/v2\/media?parent=28"}],"curies":[{"name":"wp","href":"https:\/\/api.w.org\/{rel}","templated":true}]}}