{"id":351,"date":"2023-10-02T11:00:21","date_gmt":"2023-10-02T09:00:21","guid":{"rendered":"https:\/\/www.avec-jeanne.fr\/?page_id=351"},"modified":"2023-11-01T15:51:08","modified_gmt":"2023-11-01T14:51:08","slug":"mentions-legales","status":"publish","type":"page","link":"https:\/\/www.avec-jeanne.fr\/index.php\/mentions-legales\/","title":{"rendered":"Mentions l\u00e9gales"},"content":{"rendered":"\t\t<div data-elementor-type=\"wp-page\" data-elementor-id=\"351\" class=\"elementor elementor-351\">\n\t\t\t\t\t\t\t\t\t<section class=\"elementor-section elementor-top-section elementor-element elementor-element-281f11f elementor-section-boxed elementor-section-height-default elementor-section-height-default\" data-id=\"281f11f\" data-element_type=\"section\">\n\t\t\t\t\t\t<div class=\"elementor-container elementor-column-gap-default\">\n\t\t\t\t\t<div class=\"elementor-column elementor-col-100 elementor-top-column elementor-element elementor-element-2bc1bbe\" data-id=\"2bc1bbe\" data-element_type=\"column\">\n\t\t\t<div class=\"elementor-widget-wrap elementor-element-populated\">\n\t\t\t\t\t\t\t\t<div class=\"elementor-element elementor-element-7a4c362 elementor-widget elementor-widget-heading\" data-id=\"7a4c362\" data-element_type=\"widget\" data-widget_type=\"heading.default\">\n\t\t\t\t<div class=\"elementor-widget-container\">\n\t\t\t<style>\/*! elementor - v3.15.0 - 20-08-2023 *\/\n.elementor-heading-title{padding:0;margin:0;line-height:1}.elementor-widget-heading .elementor-heading-title[class*=elementor-size-]>a{color:inherit;font-size:inherit;line-height:inherit}.elementor-widget-heading .elementor-heading-title.elementor-size-small{font-size:15px}.elementor-widget-heading .elementor-heading-title.elementor-size-medium{font-size:19px}.elementor-widget-heading .elementor-heading-title.elementor-size-large{font-size:29px}.elementor-widget-heading .elementor-heading-title.elementor-size-xl{font-size:39px}.elementor-widget-heading .elementor-heading-title.elementor-size-xxl{font-size:59px}<\/style><h2 class=\"elementor-heading-title elementor-size-default\">MENTIONS LEGALES<\/h2>\t\t<\/div>\n\t\t\t\t<\/div>\n\t\t\t\t<div class=\"elementor-element elementor-element-3a8b779 elementor-widget elementor-widget-spacer\" data-id=\"3a8b779\" data-element_type=\"widget\" data-widget_type=\"spacer.default\">\n\t\t\t\t<div class=\"elementor-widget-container\">\n\t\t\t<style>\/*! elementor - v3.15.0 - 20-08-2023 *\/\n.elementor-column .elementor-spacer-inner{height:var(--spacer-size)}.e-con{--container-widget-width:100%}.e-con-inner>.elementor-widget-spacer,.e-con>.elementor-widget-spacer{width:var(--container-widget-width,var(--spacer-size));--align-self:var(--container-widget-align-self,initial);--flex-shrink:0}.e-con-inner>.elementor-widget-spacer>.elementor-widget-container,.e-con-inner>.elementor-widget-spacer>.elementor-widget-container>.elementor-spacer,.e-con>.elementor-widget-spacer>.elementor-widget-container,.e-con>.elementor-widget-spacer>.elementor-widget-container>.elementor-spacer{height:100%}.e-con-inner>.elementor-widget-spacer>.elementor-widget-container>.elementor-spacer>.elementor-spacer-inner,.e-con>.elementor-widget-spacer>.elementor-widget-container>.elementor-spacer>.elementor-spacer-inner{height:var(--container-widget-height,var(--spacer-size))}<\/style>\t\t<div class=\"elementor-spacer\">\n\t\t\t<div class=\"elementor-spacer-inner\"><\/div>\n\t\t<\/div>\n\t\t\t\t<\/div>\n\t\t\t\t<\/div>\n\t\t\t\t\t<\/div>\n\t\t<\/div>\n\t\t\t\t\t\t\t<\/div>\n\t\t<\/section>\n\t\t\t\t<section class=\"elementor-section elementor-top-section elementor-element elementor-element-ca3f6c8 elementor-section-boxed elementor-section-height-default elementor-section-height-default\" data-id=\"ca3f6c8\" data-element_type=\"section\">\n\t\t\t\t\t\t<div class=\"elementor-container elementor-column-gap-default\">\n\t\t\t\t\t<div class=\"elementor-column elementor-col-100 elementor-top-column elementor-element elementor-element-aa41b91\" data-id=\"aa41b91\" data-element_type=\"column\">\n\t\t\t<div class=\"elementor-widget-wrap elementor-element-populated\">\n\t\t\t\t\t\t\t\t<div class=\"elementor-element elementor-element-49a0fe9 elementor-widget elementor-widget-heading\" data-id=\"49a0fe9\" data-element_type=\"widget\" data-widget_type=\"heading.default\">\n\t\t\t\t<div class=\"elementor-widget-container\">\n\t\t\t<h2 class=\"elementor-heading-title elementor-size-default\">Pr\u00e9sentations g\u00e9n\u00e9rales du site Avec Jeanne<\/h2>\t\t<\/div>\n\t\t\t\t<\/div>\n\t\t\t\t\t<\/div>\n\t\t<\/div>\n\t\t\t\t\t\t\t<\/div>\n\t\t<\/section>\n\t\t\t\t<section class=\"elementor-section elementor-top-section elementor-element elementor-element-d8c2e7f elementor-section-boxed elementor-section-height-default elementor-section-height-default\" data-id=\"d8c2e7f\" data-element_type=\"section\">\n\t\t\t\t\t\t<div class=\"elementor-container elementor-column-gap-default\">\n\t\t\t\t\t<div class=\"elementor-column elementor-col-100 elementor-top-column elementor-element elementor-element-798e152\" data-id=\"798e152\" data-element_type=\"column\">\n\t\t\t<div class=\"elementor-widget-wrap elementor-element-populated\">\n\t\t\t\t\t\t\t\t<div class=\"elementor-element elementor-element-70b6974 elementor-widget elementor-widget-text-editor\" data-id=\"70b6974\" data-element_type=\"widget\" data-widget_type=\"text-editor.default\">\n\t\t\t\t<div class=\"elementor-widget-container\">\n\t\t\t<style>\/*! elementor - v3.15.0 - 20-08-2023 *\/\n.elementor-widget-text-editor.elementor-drop-cap-view-stacked .elementor-drop-cap{background-color:#69727d;color:#fff}.elementor-widget-text-editor.elementor-drop-cap-view-framed .elementor-drop-cap{color:#69727d;border:3px solid;background-color:transparent}.elementor-widget-text-editor:not(.elementor-drop-cap-view-default) .elementor-drop-cap{margin-top:8px}.elementor-widget-text-editor:not(.elementor-drop-cap-view-default) .elementor-drop-cap-letter{width:1em;height:1em}.elementor-widget-text-editor .elementor-drop-cap{float:left;text-align:center;line-height:1;font-size:50px}.elementor-widget-text-editor .elementor-drop-cap-letter{display:inline-block}<\/style>\t\t\t\t<p><span lang=\"zxx\">Le pr\u00e9sent site\u00a0<\/span><span lang=\"zxx\">www.avec-jeanne.fr <\/span><span lang=\"zxx\">est la propri\u00e9t\u00e9 de Madame Jeanne WATEL<\/span><\/p><p>D\u00e9nomination sociale : EI JEANNE WATEL<\/p><p>Siret :\u00a0<span lang=\"zxx\">95378631600018<\/span><\/p><p>Forme juridique :\u00a0Micro-entreprise<\/p><p>Si\u00e8ge social :\u00a0<span lang=\"zxx\">160 Rue des Martyrs de la R\u00e9sistance, 59160 LOMME<\/span><\/p><p>T\u00e9l\u00e9phone :\u00a0<span lang=\"zxx\">06 27 77 53 17<\/span><\/p><p><span lang=\"zxx\">E-Mail\u00a0:<\/span><span lang=\"zxx\">\u00a0<\/span><span lang=\"zxx\">avecjeanneadomicile@gmail.com<\/span><\/p><p><span lang=\"zxx\">G\u00e9rante :\u00a0<\/span><span lang=\"zxx\">MME Jeanne WATEL<\/span><\/p><p><span lang=\"zxx\">Directrice de publication :\u00a0<\/span>MME Jeanne WATEL<\/p>\t\t\t\t\t\t<\/div>\n\t\t\t\t<\/div>\n\t\t\t\t\t<\/div>\n\t\t<\/div>\n\t\t\t\t\t\t\t<\/div>\n\t\t<\/section>\n\t\t\t\t<section class=\"elementor-section elementor-top-section elementor-element elementor-element-e14a040 elementor-section-boxed elementor-section-height-default elementor-section-height-default\" data-id=\"e14a040\" data-element_type=\"section\">\n\t\t\t\t\t\t<div class=\"elementor-container elementor-column-gap-default\">\n\t\t\t\t\t<div class=\"elementor-column elementor-col-100 elementor-top-column elementor-element elementor-element-c723020\" data-id=\"c723020\" data-element_type=\"column\">\n\t\t\t<div class=\"elementor-widget-wrap elementor-element-populated\">\n\t\t\t\t\t\t\t\t<div class=\"elementor-element elementor-element-bca0d32 elementor-widget elementor-widget-spacer\" data-id=\"bca0d32\" data-element_type=\"widget\" data-widget_type=\"spacer.default\">\n\t\t\t\t<div class=\"elementor-widget-container\">\n\t\t\t\t\t<div class=\"elementor-spacer\">\n\t\t\t<div class=\"elementor-spacer-inner\"><\/div>\n\t\t<\/div>\n\t\t\t\t<\/div>\n\t\t\t\t<\/div>\n\t\t\t\t\t<\/div>\n\t\t<\/div>\n\t\t\t\t\t\t\t<\/div>\n\t\t<\/section>\n\t\t\t\t<section class=\"elementor-section elementor-top-section elementor-element elementor-element-63c25fe elementor-section-boxed elementor-section-height-default elementor-section-height-default\" data-id=\"63c25fe\" data-element_type=\"section\">\n\t\t\t\t\t\t<div class=\"elementor-container elementor-column-gap-default\">\n\t\t\t\t\t<div class=\"elementor-column elementor-col-100 elementor-top-column elementor-element elementor-element-f1761ce\" data-id=\"f1761ce\" data-element_type=\"column\">\n\t\t\t<div class=\"elementor-widget-wrap elementor-element-populated\">\n\t\t\t\t\t\t\t\t<div class=\"elementor-element elementor-element-223fbdd elementor-widget elementor-widget-heading\" data-id=\"223fbdd\" data-element_type=\"widget\" data-widget_type=\"heading.default\">\n\t\t\t\t<div class=\"elementor-widget-container\">\n\t\t\t<h2 class=\"elementor-heading-title elementor-size-default\">H\u00e9bergement <\/h2>\t\t<\/div>\n\t\t\t\t<\/div>\n\t\t\t\t\t<\/div>\n\t\t<\/div>\n\t\t\t\t\t\t\t<\/div>\n\t\t<\/section>\n\t\t\t\t<section class=\"elementor-section elementor-top-section elementor-element elementor-element-78dceaf elementor-section-boxed elementor-section-height-default elementor-section-height-default\" data-id=\"78dceaf\" data-element_type=\"section\">\n\t\t\t\t\t\t<div class=\"elementor-container elementor-column-gap-default\">\n\t\t\t\t\t<div class=\"elementor-column elementor-col-100 elementor-top-column elementor-element elementor-element-09720fe\" data-id=\"09720fe\" data-element_type=\"column\">\n\t\t\t<div class=\"elementor-widget-wrap elementor-element-populated\">\n\t\t\t\t\t\t\t\t<div class=\"elementor-element elementor-element-3ce113c elementor-widget elementor-widget-text-editor\" data-id=\"3ce113c\" data-element_type=\"widget\" data-widget_type=\"text-editor.default\">\n\t\t\t\t<div class=\"elementor-widget-container\">\n\t\t\t\t\t\t\t<p>OVH<\/p><p>SAS au capital de 10 174 560 \u20ac<\/p><p>RCS Lille M\u00e9tropole 424 761 419 00045<br \/>Code APE 2620Z<br \/>N\u00b0 TVA : FR 22 424 761 419<br \/>Si\u00e8ge social : 2 rue Kellermann &#8211; 59100 Roubaix &#8211; France<\/p><p>www.ovhcloud.com<\/p><p>\u00a0<\/p>\t\t\t\t\t\t<\/div>\n\t\t\t\t<\/div>\n\t\t\t\t\t<\/div>\n\t\t<\/div>\n\t\t\t\t\t\t\t<\/div>\n\t\t<\/section>\n\t\t\t\t<section class=\"elementor-section elementor-top-section elementor-element elementor-element-fcb88b8 elementor-section-boxed elementor-section-height-default elementor-section-height-default\" data-id=\"fcb88b8\" data-element_type=\"section\">\n\t\t\t\t\t\t<div class=\"elementor-container elementor-column-gap-default\">\n\t\t\t\t\t<div class=\"elementor-column elementor-col-100 elementor-top-column elementor-element elementor-element-45689ea\" data-id=\"45689ea\" data-element_type=\"column\">\n\t\t\t<div class=\"elementor-widget-wrap elementor-element-populated\">\n\t\t\t\t\t\t\t\t<div class=\"elementor-element elementor-element-6865e28 elementor-widget elementor-widget-text-editor\" data-id=\"6865e28\" data-element_type=\"widget\" data-widget_type=\"text-editor.default\">\n\t\t\t\t<div class=\"elementor-widget-container\">\n\t\t\t\t\t\t\t\t\t\t\t\t\t<\/div>\n\t\t\t\t<\/div>\n\t\t\t\t\t<\/div>\n\t\t<\/div>\n\t\t\t\t\t\t\t<\/div>\n\t\t<\/section>\n\t\t\t\t\t\t\t<\/div>\n\t\t","protected":false},"excerpt":{"rendered":"<p>MENTIONS LEGALES Pr\u00e9sentations g\u00e9n\u00e9rales du site Avec Jeanne Le pr\u00e9sent site\u00a0www.avec-jeanne.fr est la propri\u00e9t\u00e9 de Madame Jeanne WATEL D\u00e9nomination sociale : EI JEANNE WATEL Siret :\u00a095378631600018 Forme juridique :\u00a0Micro-entreprise Si\u00e8ge social :\u00a0160 Rue des Martyrs de la R\u00e9sistance, 59160 LOMME T\u00e9l\u00e9phone :\u00a006 27 77 53 17 E-Mail\u00a0:\u00a0avecjeanneadomicile@gmail.com G\u00e9rante :\u00a0MME Jeanne WATEL Directrice de publication :\u00a0MME [&hellip;]<\/p>\n","protected":false},"author":1,"featured_media":0,"parent":0,"menu_order":0,"comment_status":"closed","ping_status":"closed","template":"","meta":{"footnotes":""},"class_list":["post-351","page","type-page","status-publish","hentry","entry"],"yoast_head":"<!-- This site is optimized with the Yoast SEO plugin v21.1 - https:\/\/yoast.com\/wordpress\/plugins\/seo\/ -->\n<title>Mentions l\u00e9gales - Avec Jeanne<\/title>\n<meta name=\"robots\" content=\"index, follow, max-snippet:-1, max-image-preview:large, max-video-preview:-1\" \/>\n<link rel=\"canonical\" href=\"https:\/\/www.avec-jeanne.fr\/index.php\/mentions-legales\/\" \/>\n<meta property=\"og:locale\" content=\"fr_FR\" \/>\n<meta property=\"og:type\" content=\"article\" \/>\n<meta property=\"og:title\" content=\"Mentions l\u00e9gales - Avec Jeanne\" \/>\n<meta property=\"og:description\" content=\"MENTIONS LEGALES Pr\u00e9sentations g\u00e9n\u00e9rales du site Avec Jeanne Le pr\u00e9sent site\u00a0www.avec-jeanne.fr est la propri\u00e9t\u00e9 de Madame Jeanne WATEL D\u00e9nomination sociale : EI JEANNE WATEL Siret :\u00a095378631600018 Forme juridique :\u00a0Micro-entreprise Si\u00e8ge social :\u00a0160 Rue des Martyrs de la R\u00e9sistance, 59160 LOMME T\u00e9l\u00e9phone :\u00a006 27 77 53 17 E-Mail\u00a0:\u00a0avecjeanneadomicile@gmail.com G\u00e9rante :\u00a0MME Jeanne WATEL Directrice de publication :\u00a0MME [&hellip;]\" \/>\n<meta property=\"og:url\" content=\"https:\/\/www.avec-jeanne.fr\/index.php\/mentions-legales\/\" \/>\n<meta property=\"og:site_name\" content=\"Avec Jeanne\" \/>\n<meta property=\"article:modified_time\" content=\"2023-11-01T14:51:08+00:00\" \/>\n<meta name=\"twitter:card\" content=\"summary_large_image\" \/>\n<meta name=\"twitter:label1\" content=\"Dur\u00e9e de lecture estim\u00e9e\" \/>\n\t<meta name=\"twitter:data1\" content=\"1 minute\" \/>\n<script type=\"application\/ld+json\" class=\"yoast-schema-graph\">{\"@context\":\"https:\/\/schema.org\",\"@graph\":[{\"@type\":\"WebPage\",\"@id\":\"https:\/\/www.avec-jeanne.fr\/index.php\/mentions-legales\/\",\"url\":\"https:\/\/www.avec-jeanne.fr\/index.php\/mentions-legales\/\",\"name\":\"Mentions l\u00e9gales - Avec Jeanne\",\"isPartOf\":{\"@id\":\"https:\/\/www.avec-jeanne.fr\/#website\"},\"datePublished\":\"2023-10-02T09:00:21+00:00\",\"dateModified\":\"2023-11-01T14:51:08+00:00\",\"breadcrumb\":{\"@id\":\"https:\/\/www.avec-jeanne.fr\/index.php\/mentions-legales\/#breadcrumb\"},\"inLanguage\":\"fr-FR\",\"potentialAction\":[{\"@type\":\"ReadAction\",\"target\":[\"https:\/\/www.avec-jeanne.fr\/index.php\/mentions-legales\/\"]}]},{\"@type\":\"BreadcrumbList\",\"@id\":\"https:\/\/www.avec-jeanne.fr\/index.php\/mentions-legales\/#breadcrumb\",\"itemListElement\":[{\"@type\":\"ListItem\",\"position\":1,\"name\":\"Accueil\",\"item\":\"https:\/\/www.avec-jeanne.fr\/\"},{\"@type\":\"ListItem\",\"position\":2,\"name\":\"Mentions l\u00e9gales\"}]},{\"@type\":\"WebSite\",\"@id\":\"https:\/\/www.avec-jeanne.fr\/#website\",\"url\":\"https:\/\/www.avec-jeanne.fr\/\",\"name\":\"Avec Jeanne\",\"description\":\"Votre esth\u00e9ticienne \u00e0 domicile\",\"publisher\":{\"@id\":\"https:\/\/www.avec-jeanne.fr\/#organization\"},\"potentialAction\":[{\"@type\":\"SearchAction\",\"target\":{\"@type\":\"EntryPoint\",\"urlTemplate\":\"https:\/\/www.avec-jeanne.fr\/?s={search_term_string}\"},\"query-input\":\"required name=search_term_string\"}],\"inLanguage\":\"fr-FR\"},{\"@type\":\"Organization\",\"@id\":\"https:\/\/www.avec-jeanne.fr\/#organization\",\"name\":\"Avec Jeanne\",\"url\":\"https:\/\/www.avec-jeanne.fr\/\",\"logo\":{\"@type\":\"ImageObject\",\"inLanguage\":\"fr-FR\",\"@id\":\"https:\/\/www.avec-jeanne.fr\/#\/schema\/logo\/image\/\",\"url\":\"https:\/\/www.avec-jeanne.fr\/wp-content\/uploads\/2023\/09\/cropped-logo-avec-jeanne-3.png\",\"contentUrl\":\"https:\/\/www.avec-jeanne.fr\/wp-content\/uploads\/2023\/09\/cropped-logo-avec-jeanne-3.png\",\"width\":982,\"height\":981,\"caption\":\"Avec Jeanne\"},\"image\":{\"@id\":\"https:\/\/www.avec-jeanne.fr\/#\/schema\/logo\/image\/\"}}]}<\/script>\n<!-- \/ Yoast SEO plugin. -->","yoast_head_json":{"title":"Mentions l\u00e9gales - Avec Jeanne","robots":{"index":"index","follow":"follow","max-snippet":"max-snippet:-1","max-image-preview":"max-image-preview:large","max-video-preview":"max-video-preview:-1"},"canonical":"https:\/\/www.avec-jeanne.fr\/index.php\/mentions-legales\/","og_locale":"fr_FR","og_type":"article","og_title":"Mentions l\u00e9gales - Avec Jeanne","og_description":"MENTIONS LEGALES Pr\u00e9sentations g\u00e9n\u00e9rales du site Avec Jeanne Le pr\u00e9sent site\u00a0www.avec-jeanne.fr est la propri\u00e9t\u00e9 de Madame Jeanne WATEL D\u00e9nomination sociale : EI JEANNE WATEL Siret :\u00a095378631600018 Forme juridique :\u00a0Micro-entreprise Si\u00e8ge social :\u00a0160 Rue des Martyrs de la R\u00e9sistance, 59160 LOMME T\u00e9l\u00e9phone :\u00a006 27 77 53 17 E-Mail\u00a0:\u00a0avecjeanneadomicile@gmail.com G\u00e9rante :\u00a0MME Jeanne WATEL Directrice de publication :\u00a0MME [&hellip;]","og_url":"https:\/\/www.avec-jeanne.fr\/index.php\/mentions-legales\/","og_site_name":"Avec Jeanne","article_modified_time":"2023-11-01T14:51:08+00:00","twitter_card":"summary_large_image","twitter_misc":{"Dur\u00e9e de lecture estim\u00e9e":"1 minute"},"schema":{"@context":"https:\/\/schema.org","@graph":[{"@type":"WebPage","@id":"https:\/\/www.avec-jeanne.fr\/index.php\/mentions-legales\/","url":"https:\/\/www.avec-jeanne.fr\/index.php\/mentions-legales\/","name":"Mentions l\u00e9gales - Avec Jeanne","isPartOf":{"@id":"https:\/\/www.avec-jeanne.fr\/#website"},"datePublished":"2023-10-02T09:00:21+00:00","dateModified":"2023-11-01T14:51:08+00:00","breadcrumb":{"@id":"https:\/\/www.avec-jeanne.fr\/index.php\/mentions-legales\/#breadcrumb"},"inLanguage":"fr-FR","potentialAction":[{"@type":"ReadAction","target":["https:\/\/www.avec-jeanne.fr\/index.php\/mentions-legales\/"]}]},{"@type":"BreadcrumbList","@id":"https:\/\/www.avec-jeanne.fr\/index.php\/mentions-legales\/#breadcrumb","itemListElement":[{"@type":"ListItem","position":1,"name":"Accueil","item":"https:\/\/www.avec-jeanne.fr\/"},{"@type":"ListItem","position":2,"name":"Mentions l\u00e9gales"}]},{"@type":"WebSite","@id":"https:\/\/www.avec-jeanne.fr\/#website","url":"https:\/\/www.avec-jeanne.fr\/","name":"Avec Jeanne","description":"Votre esth\u00e9ticienne \u00e0 domicile","publisher":{"@id":"https:\/\/www.avec-jeanne.fr\/#organization"},"potentialAction":[{"@type":"SearchAction","target":{"@type":"EntryPoint","urlTemplate":"https:\/\/www.avec-jeanne.fr\/?s={search_term_string}"},"query-input":"required name=search_term_string"}],"inLanguage":"fr-FR"},{"@type":"Organization","@id":"https:\/\/www.avec-jeanne.fr\/#organization","name":"Avec Jeanne","url":"https:\/\/www.avec-jeanne.fr\/","logo":{"@type":"ImageObject","inLanguage":"fr-FR","@id":"https:\/\/www.avec-jeanne.fr\/#\/schema\/logo\/image\/","url":"https:\/\/www.avec-jeanne.fr\/wp-content\/uploads\/2023\/09\/cropped-logo-avec-jeanne-3.png","contentUrl":"https:\/\/www.avec-jeanne.fr\/wp-content\/uploads\/2023\/09\/cropped-logo-avec-jeanne-3.png","width":982,"height":981,"caption":"Avec Jeanne"},"image":{"@id":"https:\/\/www.avec-jeanne.fr\/#\/schema\/logo\/image\/"}}]}},"jetpack_sharing_enabled":true,"_links":{"self":[{"href":"https:\/\/www.avec-jeanne.fr\/index.php\/wp-json\/wp\/v2\/pages\/351","targetHints":{"allow":["GET"]}}],"collection":[{"href":"https:\/\/www.avec-jeanne.fr\/index.php\/wp-json\/wp\/v2\/pages"}],"about":[{"href":"https:\/\/www.avec-jeanne.fr\/index.php\/wp-json\/wp\/v2\/types\/page"}],"author":[{"embeddable":true,"href":"https:\/\/www.avec-jeanne.fr\/index.php\/wp-json\/wp\/v2\/users\/1"}],"replies":[{"embeddable":true,"href":"https:\/\/www.avec-jeanne.fr\/index.php\/wp-json\/wp\/v2\/comments?post=351"}],"version-history":[{"count":7,"href":"https:\/\/www.avec-jeanne.fr\/index.php\/wp-json\/wp\/v2\/pages\/351\/revisions"}],"predecessor-version":[{"id":384,"href":"https:\/\/www.avec-jeanne.fr\/index.php\/wp-json\/wp\/v2\/pages\/351\/revisions\/384"}],"wp:attachment":[{"href":"https:\/\/www.avec-jeanne.fr\/index.php\/wp-json\/wp\/v2\/media?parent=351"}],"curies":[{"name":"wp","href":"https:\/\/api.w.org\/{rel}","templated":true}]}}